{"id":360,"date":"2021-01-11T10:19:19","date_gmt":"2021-01-11T09:19:19","guid":{"rendered":"http:\/\/boyer.at\/?page_id=360"},"modified":"2023-10-17T17:46:07","modified_gmt":"2023-10-17T15:46:07","slug":"mag-leopold-boyer","status":"publish","type":"page","link":"http:\/\/boyer.at\/?page_id=360","title":{"rendered":"Mag. Leopold Boyer"},"content":{"rendered":"<p>Geboren:<\/p>\n<p style=\"padding-left: 40px;\">30.5.1992 in Wien<\/p>\n<p>Ausbildung:<\/p>\n<p style=\"padding-left: 40px;\"><span class=\"Stil9\">Volksschule in D\u00fcrnkrut<br \/>\nGymnasium in G\u00e4nserndorf<br \/>\nStudium der Rechtswissenschaften an der Universit\u00e4t Wien (Sponsion Mag. iur. J\u00e4nner 2015)<br \/>\nLandwirtschaftliche Facharbeiterpr\u00fcfung (Oktober 2015 in Zwettl)<br \/>\nRechtsanwaltspr\u00fcfung Oktober 2019 (Oberlandesgericht Wien mit sehr gutem Erfolg)<\/span><\/p>\n<p>Beruf:<\/p>\n<p style=\"padding-left: 40px;\"><span class=\"Stil9\">Summer Associate bei Graf &amp; Pitkowitz Rechtsanw\u00e4lte<br \/>\n<\/span><\/p>\n<p style=\"padding-left: 40px;\"><span class=\"Stil9\">Diverse Praktika etwa beim Wirtschaftsdelegierten der \u00f6sterreichischen Botschaft in Den Haag (NL), Absolvierung des &#8222;Top Ten&#8220; Verwaltungspraktikums des Landes Nieder\u00f6sterreich (BH Tulln) sowie bei Raiffeisen Ware Austria AG<\/span><\/p>\n<p style=\"padding-left: 40px;\"><span class=\"Stil9\">Rechtspraktikant im Sprengel des Oberlandesgerichtes Wien (Bezirksgericht f\u00fcr Handelssachen Wien, Landesgericht Korneuburg, Landesgericht f\u00fcr Zivilrechtssachen Wien, Bezirksgericht Donaustadt)<\/span><\/p>\n<p style=\"padding-left: 40px;\"><span class=\"Stil9\">Rechtsanwaltsanw\u00e4rter bei Dr. Philipp Pelz (Lessiak &amp; Partner Rechtsanw\u00e4lte) &#8211; insbesondere im Bereich des Immobilien-, Wohnungseigentums- und Mietrechts<\/span><\/p>\n<p style=\"padding-left: 40px;\"><span class=\"Stil9\">4. J\u00e4nner 2021 Eintragung in die Liste der Rechtsanw\u00e4lte der Rechtsanwaltskammer Nieder\u00f6sterreich<\/span><\/p>\n<p>Ehrenamtliche T\u00e4tigkeiten:<\/p>\n<p style=\"padding-left: 40px;\">Waidenbachtaler Heimatkapelle<br \/>\nFreiwillige Feuerwehr Waidendorf<\/p>\n","protected":false},"excerpt":{"rendered":"<p>Geboren: 30.5.1992 in Wien Ausbildung: Volksschule in D\u00fcrnkrut Gymnasium in G\u00e4nserndorf Studium der Rechtswissenschaften an der Universit\u00e4t Wien (Sponsion Mag. iur. J\u00e4nner 2015) Landwirtschaftliche Facharbeiterpr\u00fcfung (Oktober 2015 in Zwettl) Rechtsanwaltspr\u00fcfung Oktober 2019 (Oberlandesgericht Wien mit sehr gutem Erfolg) Beruf: Summer Associate bei Graf &amp; Pitkowitz Rechtsanw\u00e4lte Diverse Praktika etwa beim Wirtschaftsdelegierten der \u00f6sterreichischen Botschaft in [&hellip;]<\/p>\n","protected":false},"author":1,"featured_media":0,"parent":0,"menu_order":0,"comment_status":"closed","ping_status":"closed","template":"","meta":{"footnotes":""},"_links":{"self":[{"href":"http:\/\/boyer.at\/index.php?rest_route=\/wp\/v2\/pages\/360"}],"collection":[{"href":"http:\/\/boyer.at\/index.php?rest_route=\/wp\/v2\/pages"}],"about":[{"href":"http:\/\/boyer.at\/index.php?rest_route=\/wp\/v2\/types\/page"}],"author":[{"embeddable":true,"href":"http:\/\/boyer.at\/index.php?rest_route=\/wp\/v2\/users\/1"}],"replies":[{"embeddable":true,"href":"http:\/\/boyer.at\/index.php?rest_route=%2Fwp%2Fv2%2Fcomments&post=360"}],"version-history":[{"count":5,"href":"http:\/\/boyer.at\/index.php?rest_route=\/wp\/v2\/pages\/360\/revisions"}],"predecessor-version":[{"id":402,"href":"http:\/\/boyer.at\/index.php?rest_route=\/wp\/v2\/pages\/360\/revisions\/402"}],"wp:attachment":[{"href":"http:\/\/boyer.at\/index.php?rest_route=%2Fwp%2Fv2%2Fmedia&parent=360"}],"curies":[{"name":"wp","href":"https:\/\/api.w.org\/{rel}","templated":true}]}}